{"id":997,"date":"2021-03-02T09:35:31","date_gmt":"2021-03-02T08:35:31","guid":{"rendered":"https:\/\/health-and-home.info\/?page_id=997"},"modified":"2024-08-30T09:38:51","modified_gmt":"2024-08-30T07:38:51","slug":"datenschutz","status":"publish","type":"page","link":"https:\/\/health-and-home.info\/pt\/datenschutz\/","title":{"rendered":"Privacidade"},"content":{"rendered":"<div data-elementor-type=\"wp-page\" data-elementor-id=\"997\" class=\"elementor elementor-997\">\n\t\t\t\t\t\t<section class=\"elementor-section elementor-top-section elementor-element elementor-element-f824e1d elementor-section-full_width elementor-section-height-default elementor-section-height-default\" data-id=\"f824e1d\" data-element_type=\"section\" data-e-type=\"section\">\n\t\t\t\t\t\t<div class=\"elementor-container elementor-column-gap-no\">\n\t\t\t\t\t<div class=\"elementor-column elementor-col-100 elementor-top-column elementor-element elementor-element-c495689\" data-id=\"c495689\" data-element_type=\"column\" data-e-type=\"column\">\n\t\t\t<div class=\"elementor-widget-wrap elementor-element-populated\">\n\t\t\t\t\t\t<div class=\"elementor-element elementor-element-d5430f0 elementor-widget elementor-widget-spacer\" data-id=\"d5430f0\" data-element_type=\"widget\" data-e-type=\"widget\" data-widget_type=\"spacer.default\">\n\t\t\t\t<div class=\"elementor-widget-container\">\n\t\t\t\t\t\t\t<div class=\"elementor-spacer\">\n\t\t\t<div class=\"elementor-spacer-inner\"><\/div>\n\t\t<\/div>\n\t\t\t\t\t\t<\/div>\n\t\t\t\t<\/div>\n\t\t\t\t\t<\/div>\n\t\t<\/div>\n\t\t\t\t\t<\/div>\n\t\t<\/section>\n\t\t\t\t<section class=\"elementor-section elementor-top-section elementor-element elementor-element-f462bd9 elementor-section-full_width elementor-section-height-default elementor-section-height-default\" data-id=\"f462bd9\" data-element_type=\"section\" data-e-type=\"section\" data-settings=\"{&quot;background_background&quot;:&quot;classic&quot;}\">\n\t\t\t\t\t\t<div class=\"elementor-container elementor-column-gap-default\">\n\t\t\t\t\t<div class=\"elementor-column elementor-col-100 elementor-top-column elementor-element elementor-element-43434d0\" data-id=\"43434d0\" data-element_type=\"column\" data-e-type=\"column\">\n\t\t\t<div class=\"elementor-widget-wrap elementor-element-populated\">\n\t\t\t\t\t\t<div class=\"elementor-element elementor-element-96ddb53 elementor-widget elementor-widget-spacer\" data-id=\"96ddb53\" data-element_type=\"widget\" data-e-type=\"widget\" data-widget_type=\"spacer.default\">\n\t\t\t\t<div class=\"elementor-widget-container\">\n\t\t\t\t\t\t\t<div class=\"elementor-spacer\">\n\t\t\t<div class=\"elementor-spacer-inner\"><\/div>\n\t\t<\/div>\n\t\t\t\t\t\t<\/div>\n\t\t\t\t<\/div>\n\t\t\t\t\t<\/div>\n\t\t<\/div>\n\t\t\t\t\t<\/div>\n\t\t<\/section>\n\t\t\t\t<section class=\"elementor-section elementor-top-section elementor-element elementor-element-3f182a7 elementor-section-boxed elementor-section-height-default elementor-section-height-default\" data-id=\"3f182a7\" data-element_type=\"section\" data-e-type=\"section\" data-settings=\"{&quot;background_background&quot;:&quot;classic&quot;}\">\n\t\t\t\t\t\t<div class=\"elementor-container elementor-column-gap-no\">\n\t\t\t\t\t<div class=\"elementor-column elementor-col-100 elementor-top-column elementor-element elementor-element-525412b\" data-id=\"525412b\" data-element_type=\"column\" data-e-type=\"column\">\n\t\t\t<div class=\"elementor-widget-wrap elementor-element-populated\">\n\t\t\t\t\t\t<div class=\"elementor-element elementor-element-8b82f7b elementor-widget elementor-widget-spacer\" data-id=\"8b82f7b\" data-element_type=\"widget\" data-e-type=\"widget\" data-widget_type=\"spacer.default\">\n\t\t\t\t<div class=\"elementor-widget-container\">\n\t\t\t\t\t\t\t<div class=\"elementor-spacer\">\n\t\t\t<div class=\"elementor-spacer-inner\"><\/div>\n\t\t<\/div>\n\t\t\t\t\t\t<\/div>\n\t\t\t\t<\/div>\n\t\t\t\t<div class=\"elementor-element elementor-element-0430259 elementor-widget elementor-widget-heading\" data-id=\"0430259\" data-element_type=\"widget\" data-e-type=\"widget\" data-widget_type=\"heading.default\">\n\t\t\t\t<div class=\"elementor-widget-container\">\n\t\t\t\t\t<h6 class=\"elementor-heading-title elementor-size-default\">DECLARA\u00c7\u00c3O DE PRIVACIDADE<\/h6>\t\t\t\t<\/div>\n\t\t\t\t<\/div>\n\t\t\t\t<section class=\"elementor-section elementor-inner-section elementor-element elementor-element-ca05d23 elementor-section-boxed elementor-section-height-default elementor-section-height-default\" data-id=\"ca05d23\" data-element_type=\"section\" data-e-type=\"section\">\n\t\t\t\t\t\t<div class=\"elementor-container elementor-column-gap-default\">\n\t\t\t\t\t<div class=\"elementor-column elementor-col-100 elementor-inner-column elementor-element elementor-element-f302d21\" data-id=\"f302d21\" data-element_type=\"column\" data-e-type=\"column\">\n\t\t\t<div class=\"elementor-widget-wrap elementor-element-populated\">\n\t\t\t\t\t\t<div class=\"elementor-element elementor-element-2100a80 elementor-widget elementor-widget-text-editor\" data-id=\"2100a80\" data-element_type=\"widget\" data-e-type=\"widget\" data-widget_type=\"text-editor.default\">\n\t\t\t\t<div class=\"elementor-widget-container\">\n\t\t\t\t\t\t\t\t\t<p>Damos o maior valor \u00e0 prote\u00e7\u00e3o dos seus dados pessoais. Informamo-lo sobre o tipo e \u00e2mbito dos dados pessoais que recolhemos quando visita os nossos s\u00edtios web e as nossas presen\u00e7as nos meios de comunica\u00e7\u00e3o social. A seguinte pol\u00edtica de privacidade aplica-se a este s\u00edtio web, bem como \u00e0s p\u00e1ginas do Facebook, Instagram e LinkedIn da Laserliner.<\/p><p>A UMAREX GmbH &amp; Co. KG leva muito a s\u00e9rio a prote\u00e7\u00e3o dos seus dados pessoais. Queremos que saiba em que circunst\u00e2ncias guardamos alguns dados, quais s\u00e3o eles e como os usamos. Enquanto empresa privada, estamos sujeitos \u00e0s disposi\u00e7\u00f5es do Regulamento Europeu de Prote\u00e7\u00e3o de Dados (RGPD) e \u00e0 Lei alem\u00e3 de Prote\u00e7\u00e3o de Dados (BDSG) e da Lei Alem\u00e3 de Prote\u00e7\u00e3o de Dados de Servi\u00e7os Digitais de Telecomunica\u00e7\u00f5es (TDDDG). Tom\u00e1mos medidas t\u00e9cnicas e organizacionais que garantem que os regulamentos em mat\u00e9ria de prote\u00e7\u00e3o de dados s\u00e3o observados tanto por n\u00f3s como pelos prestadores de servi\u00e7os externos.<\/p><p>N\u00f3s fazemos refer\u00eancia ao facto de a transmiss\u00e3o de dados na Internet (p.\u00a0ex. na comunica\u00e7\u00e3o por e-mail) poder ter falhas de seguran\u00e7a. Uma prote\u00e7\u00e3o completa dos dados contra o acesso de terceiros n\u00e3o \u00e9 poss\u00edvel.<\/p><p>Recolhemos e usamos os seus dados pessoais exclusivamente em conformidade com as disposi\u00e7\u00f5es previstas pela legisla\u00e7\u00e3o em mat\u00e9ria de prote\u00e7\u00e3o de dados aplic\u00e1vel na Rep\u00fablica Federal da Alemanha. A seguir, daremos informa\u00e7\u00e3o sobre o tipo, a amplitude e a finalidade da recolha e utiliza\u00e7\u00e3o dos dados pessoais. Poder\u00e1 consultar essas informa\u00e7\u00f5es a qualquer momento no nosso s\u00edtio de Internet.<\/p><p><strong>1. Informa\u00e7\u00f5es gerais<\/strong><br \/>A utiliza\u00e7\u00e3o do nosso s\u00edtio web \u00e9 geralmente poss\u00edvel sem o fornecimento de dados pessoais. Enquanto que do nosso lado forem levantados dados pessoais (por exemplo, nome, morada ou endere\u00e7os de e-mail), isto tem sempre lugar numa base volunt\u00e1ria Estes dados n\u00e3o ser\u00e3o transmitidos a terceiros sem o seu consentimento expresso.<\/p><p>Ao consultar o nosso s\u00edtio web e sempre que um ficheiro for aberto, o nosso servidor web ou o operador da p\u00e1gina recolhe e conserva informa\u00e7\u00f5es de registo sobre estes processos, guardando-as como \u201cficheiros de registo do servidor\u201d (p.\u00a0ex. data e hora do acesso, URL do s\u00edtio web de refer\u00eancia, ficheiro acedido, quantidade de dados enviados, tipo e vers\u00e3o do provedor, sistema operativo e o seu endere\u00e7o IP).<\/p><p><strong>2. Nome e endere\u00e7o do respons\u00e1vel pelo tratamento<\/strong><br \/>Respons\u00e1vel no contexto do Regulamento Geral de Prote\u00e7\u00e3o de Dados, de outras leis de prote\u00e7\u00e3o de dados em vigor nos Estados-Membros da Uni\u00e3o Europeia e restantes disposi\u00e7\u00f5es com car\u00e1ter legal de prote\u00e7\u00e3o de dados \u00e9 a UMAREX GmbH &amp; Co. KG. Dados de contacto, etc. podem ser consultados na informa\u00e7\u00e3o legal.<\/p><p><strong>3. Nome e endere\u00e7o do encarregado da prote\u00e7\u00e3o de dados<\/strong><br \/>O encarregado da prote\u00e7\u00e3o de dados respons\u00e1vel pelo tratamento \u00e9: Externamente:<br \/>VIA Consult GmbH &amp; Co. KG, Frau Dr. Hanni Koch<br \/>Kurf\u00fcrst-Heinrich Stra\u00dfe 10<br \/>57462 Olpe<br \/>+ 49 (2761) 83668 \u2013 0<br \/><a href=\"mailto:umarex.datenschutz@via-consult.de\"><span style=\"color: #f18f00;\">umarex.datenschutz@via-consult.de<\/span><\/a><\/p><p>A qualquer momento, qualquer pessoa afetada pode dirigir perguntas e sugest\u00f5es sobre a prote\u00e7\u00e3o de dados diretamente ao nosso encarregado da prote\u00e7\u00e3o de dados.<\/p><p><strong>4. Dados pessoais<\/strong><br \/>Dados pessoais s\u00e3o informa\u00e7\u00f5es que podem ser usadas para se descobrirem circunst\u00e2ncias pessoais ou factuais sobre si (por exemplo, nome, endere\u00e7o, n\u00famero de telefone, data de nascimento ou endere\u00e7o de e-mail). Informa\u00e7\u00f5es que n\u00e3o consigamos (ou apenas consigamos com um esfor\u00e7o desproporcional) relacionar com a sua pessoa (por exemplo, informa\u00e7\u00f5es tornadas an\u00f3nimas) n\u00e3o s\u00e3o consideradas dados pessoais.<\/p><p>Dados pessoais, como o seu nome, endere\u00e7o, n\u00famero de telefone ou endere\u00e7o de e-mail, apenas ser\u00e3o recolhidos se nos forem comunicados por si. Apenas recolheremos dados pessoais exclusivamente em conformidade com as disposi\u00e7\u00f5es legais aplic\u00e1veis em termos de prote\u00e7\u00e3o de dados.<\/p><p><strong>5. Utiliza\u00e7\u00e3o de cookies<\/strong><br \/>O nosso s\u00edtio web usa cookies. Estes s\u00e3o ficheiros de texto pequenos que tornam poss\u00edvel conservar no terminal do utilizador informa\u00e7\u00f5es espec\u00edficas, relativas ao utilizador, enquanto este usa o s\u00edtio web.<\/p><p>Alguns cookies s\u00e3o essenciais para o funcionamento e apresenta\u00e7\u00e3o do s\u00edtio web e n\u00e3o recolhem qualquer informa\u00e7\u00e3o pessoal. Outros, contudo, permitem-lhe personalizar a sua visita ao s\u00edtio web com base nas suas prefer\u00eancias e comportamento de utilizador. Neste caso, solicitamos o seu consentimento para a defini\u00e7\u00e3o destes cookies opcionais quando visitar o nosso s\u00edtio web pela primeira vez.<\/p><p>Ao alterar a defini\u00e7\u00e3o do respetivo navegador da Internet, a defini\u00e7\u00e3o de cookies pode ser evitada para todas as p\u00e1ginas da Internet. Pode configurar as defini\u00e7\u00f5es do seu navegador de acordo com os seus desejos e, por exemplo, recusar-se a aceitar cookies de terceiros ou todos os cookies. Os cookies que j\u00e1 foram definidos podem ser novamente eliminados. Note que poder\u00e1 n\u00e3o ser poss\u00edvel utilizar todas as caracter\u00edsticas deste s\u00edtio web.<\/p><p>Uma interliga\u00e7\u00e3o com dados pessoais que eventualmente possa ter colocado \u00e0 disposi\u00e7\u00e3o n\u00e3o \u00e9 realizada.<\/p><p>Atualmente s\u00e3o usados os seguintes cookies:<\/p>\t\t\t\t\t\t\t\t<\/div>\n\t\t\t\t<\/div>\n\t\t\t\t<div class=\"elementor-element elementor-element-4d294cb elementor-widget elementor-widget-text-editor\" data-id=\"4d294cb\" data-element_type=\"widget\" data-e-type=\"widget\" data-widget_type=\"text-editor.default\">\n\t\t\t\t<div class=\"elementor-widget-container\">\n\t\t\t\t\t\t\t\t\t<p><strong>funcional<\/strong><\/p>\t\t\t\t\t\t\t\t<\/div>\n\t\t\t\t<\/div>\n\t\t\t\t<div class=\"elementor-element elementor-element-fd4d2a6 elementor-widget elementor-widget-shortcode\" data-id=\"fd4d2a6\" data-element_type=\"widget\" data-e-type=\"widget\" data-widget_type=\"shortcode.default\">\n\t\t\t\t<div class=\"elementor-widget-container\">\n\t\t\t\t\t\t\t<div class=\"elementor-shortcode\">\n<table id=\"tablepress-1\" class=\"tablepress tablepress-id-1\">\n<thead>\n<tr class=\"row-1\">\n\t<th class=\"column-1\"><strong>Name<\/strong><\/th><th class=\"column-2\"><strong>Anbieter<\/strong><\/th><th class=\"column-3\"><strong>Zweck<\/strong><\/th><th class=\"column-4\"><strong>Ablauf<\/strong><\/th>\n<\/tr>\n<\/thead>\n<tbody class=\"row-striping row-hover\">\n<tr class=\"row-2\">\n\t<td class=\"column-1\">cmplz_banner-status<\/td><td class=\"column-2\"><a href=\"https:\/\/complianz.io\/legal\/privacy-statement\/\">Complianz<\/a><\/td><td class=\"column-3\">Guarda quando a faixa de cookies tiver sido fechada.<\/td><td class=\"column-4\">1 ano<\/td>\n<\/tr>\n<tr class=\"row-3\">\n\t<td class=\"column-1\">cmplz_consented_services<\/td><td class=\"column-2\"><a href=\"https:\/\/complianz.io\/legal\/privacy-statement\/\">Complianz<\/a><\/td><td class=\"column-3\">Guarda as defini\u00e7\u00f5es de consentimento de cookies.<\/td><td class=\"column-4\">1 ano<\/td>\n<\/tr>\n<tr class=\"row-4\">\n\t<td class=\"column-1\">cmplz_functional<\/td><td class=\"column-2\"><a href=\"https:\/\/complianz.io\/legal\/privacy-statement\/\">Complianz<\/a><\/td><td class=\"column-3\">Guarda as defini\u00e7\u00f5es de consentimento de cookies.<\/td><td class=\"column-4\">1 ano<\/td>\n<\/tr>\n<tr class=\"row-5\">\n\t<td class=\"column-1\">cmplz_marketing<\/td><td class=\"column-2\"><a href=\"https:\/\/complianz.io\/legal\/privacy-statement\/\">Complianz<\/a><\/td><td class=\"column-3\">Guarda as defini\u00e7\u00f5es de consentimento de cookies.<\/td><td class=\"column-4\">1 ano<\/td>\n<\/tr>\n<tr class=\"row-6\">\n\t<td class=\"column-1\">cmplz_policy_id<\/td><td class=\"column-2\"><a href=\"https:\/\/complianz.io\/legal\/privacy-statement\/\">Complianz<\/a><\/td><td class=\"column-3\">Regista o ID para a pol\u00edtica de cookies aceite.<\/td><td class=\"column-4\">1 ano<\/td>\n<\/tr>\n<tr class=\"row-7\">\n\t<td class=\"column-1\">cmplz_preferences<\/td><td class=\"column-2\"><a href=\"https:\/\/complianz.io\/legal\/privacy-statement\/\">Complianz<\/a><\/td><td class=\"column-3\">Guarda as defini\u00e7\u00f5es de consentimento de cookies.<\/td><td class=\"column-4\">1 ano<\/td>\n<\/tr>\n<tr class=\"row-8\">\n\t<td class=\"column-1\">cmplz_statistics<\/td><td class=\"column-2\"><a href=\"https:\/\/complianz.io\/legal\/privacy-statement\/\">Complianz<\/a><\/td><td class=\"column-3\">Guarda as defini\u00e7\u00f5es de consentimento de cookies.<\/td><td class=\"column-4\">1 ano<\/td>\n<\/tr>\n<\/tbody>\n<\/table>\n<!-- #tablepress-1 from cache --><\/div>\n\t\t\t\t\t\t<\/div>\n\t\t\t\t<\/div>\n\t\t\t\t<div class=\"elementor-element elementor-element-b0df020 elementor-widget elementor-widget-text-editor\" data-id=\"b0df020\" data-element_type=\"widget\" data-e-type=\"widget\" data-widget_type=\"text-editor.default\">\n\t\t\t\t<div class=\"elementor-widget-container\">\n\t\t\t\t\t\t\t\t\t<p><strong>Estat\u00edstica<\/strong><\/p>\t\t\t\t\t\t\t\t<\/div>\n\t\t\t\t<\/div>\n\t\t\t\t<div class=\"elementor-element elementor-element-715340f elementor-widget elementor-widget-shortcode\" data-id=\"715340f\" data-element_type=\"widget\" data-e-type=\"widget\" data-widget_type=\"shortcode.default\">\n\t\t\t\t<div class=\"elementor-widget-container\">\n\t\t\t\t\t\t\t<div class=\"elementor-shortcode\">\n<table id=\"tablepress-2\" class=\"tablepress tablepress-id-2\">\n<thead>\n<tr class=\"row-1\">\n\t<th class=\"column-1\"><strong>Name<\/strong><\/th><th class=\"column-2\"><strong>Anbieter<\/strong><\/th><th class=\"column-3\"><strong>Zweck<\/strong><\/th><th class=\"column-4\"><strong>Ablauf<\/strong><\/th>\n<\/tr>\n<\/thead>\n<tbody class=\"row-striping row-hover\">\n<tr class=\"row-2\">\n\t<td class=\"column-1\">_ga<\/td><td class=\"column-2\"><a href=\"https:\/\/policies.google.com\/privacy\">Google<\/a><\/td><td class=\"column-3\">Guarda e conta as aberturas da p\u00e1gina.<\/td><td class=\"column-4\">2 anos<\/td>\n<\/tr>\n<tr class=\"row-3\">\n\t<td class=\"column-1\">_ga_*<\/td><td class=\"column-2\"><a href=\"https:\/\/policies.google.com\/privacy\">Google<\/a><\/td><td class=\"column-3\">Guarda e conta as aberturas da p\u00e1gina.<\/td><td class=\"column-4\">1 ano<\/td>\n<\/tr>\n<\/tbody>\n<\/table>\n<!-- #tablepress-2 from cache --><\/div>\n\t\t\t\t\t\t<\/div>\n\t\t\t\t<\/div>\n\t\t\t\t<div class=\"elementor-element elementor-element-d2b4da0 elementor-widget elementor-widget-text-editor\" data-id=\"d2b4da0\" data-element_type=\"widget\" data-e-type=\"widget\" data-widget_type=\"text-editor.default\">\n\t\t\t\t<div class=\"elementor-widget-container\">\n\t\t\t\t\t\t\t\t\t<p><strong>6. Google Analytics<\/strong><br \/>Este s\u00edtio web usa Google Analytics, um servi\u00e7o de an\u00e1lise Web do Google Inc. (Google Inc., 1600 Amphitheatre Parkway, Mountain View, CA 94043, USA. A entidade respons\u00e1vel \u00e9  Google Ireland Limited, Gordon House, 4 Barrow St, Dublin, D04 E5W5, Irland).<\/p><p>No caso de ativa\u00e7\u00e3o do anonimato IP neste s\u00edtio web, o seu endere\u00e7o IP \u00e9 no entanto abreviado antes pelo Google dentro de Estados-Membros da Uni\u00e3o Europeia ou noutros pa\u00edses membros do Acordo sobre o Espa\u00e7o Econ\u00f3mico Europeu. S\u00f3 em casos excecionais \u00e9 transmitido o endere\u00e7o IP completo a um servidor do Google nos EUA e abreviado a\u00ed. Por ordem do operador deste s\u00edtio web, o Google usar\u00e1 estas informa\u00e7\u00f5es para avaliar a sua utiliza\u00e7\u00e3o do s\u00edtio web, para reunir relat\u00f3rios sobre as atividades do s\u00edtio web e para prestar servi\u00e7os relacionados com a utiliza\u00e7\u00e3o do s\u00edtio web e da utiliza\u00e7\u00e3o da Internet perante o operador do s\u00edtio web.<\/p><p>O endere\u00e7o IP transmitido pelo seu navegador no \u00e2mbito de Google Analytics n\u00e3o \u00e9 usado em conjunto com outros dados do Google. Se desejar, pode impedir a conserva\u00e7\u00e3o de cookies atrav\u00e9s de um ajuste correspondente no software do seu navegador; no entanto, fazemos refer\u00eancia ao facto de, neste caso, eventualmente n\u00e3o poderem ser usadas todas as fun\u00e7\u00f5es deste s\u00edtio web na extens\u00e3o completa. Adicionalmente, pode impedir a transmiss\u00e3o ao Google dos dados criados pelo cookie e relacionados com a sua utiliza\u00e7\u00e3o do s\u00edtio web (incluindo o seu endere\u00e7o IP), assim como o tratamento destes dados pelo Google, atrav\u00e9s da transfer\u00eancia e da instala\u00e7\u00e3o do plugin de navegador dispon\u00edvel na liga\u00e7\u00e3o seguinte (<a href=\"https:\/\/tools.google.com\/dlpage\/gaoptout?hl=pt\">https:\/\/tools.google.com\/dlpage\/gaoptout?hl=pt<\/a>).<\/p><p>O registo por Google Analytics pode ser impedido ao clicar na liga\u00e7\u00e3o seguinte. Nesse caso \u00e9 definido um cookie Opt-Out que impede o registo futuro dos seus dados ao aceder a este s\u00edtio web<\/p>\t\t\t\t\t\t\t\t<\/div>\n\t\t\t\t<\/div>\n\t\t\t\t<div class=\"elementor-element elementor-element-70f6810 elementor-widget elementor-widget-text-editor\" data-id=\"70f6810\" data-element_type=\"widget\" data-e-type=\"widget\" data-widget_type=\"text-editor.default\">\n\t\t\t\t<div class=\"elementor-widget-container\">\n\t\t\t\t\t\t\t\t\t<a onclick=\"alert('Google Analytics wurde deaktiviert');\" \nhref=\"javascript:gaOptout()\"><span style=\"color: #e39431;\">Desativar Google Analytics<\/a>\t\t\t\t\t\t\t\t<\/div>\n\t\t\t\t<\/div>\n\t\t\t\t<div class=\"elementor-element elementor-element-e587b06 elementor-widget elementor-widget-text-editor\" data-id=\"e587b06\" data-element_type=\"widget\" data-e-type=\"widget\" data-widget_type=\"text-editor.default\">\n\t\t\t\t<div class=\"elementor-widget-container\">\n\t\t\t\t\t\t\t\t\t<p>Informa\u00e7\u00f5es mais detalhadas sobre as condi\u00e7\u00f5es de utiliza\u00e7\u00e3o e a prote\u00e7\u00e3o de dados podem ser consultadas em <a href=\"https:\/\/www.google.com\/analytics\/terms\/de.html\">https:\/\/www.google.com\/analytics\/terms\/de.html<\/a> e em <a href=\"https:\/\/policies.google.com\/?hl=pt&amp;gl=de\">https:\/\/policies.google.com\/?hl=pt&amp;gl=de<\/a>.<br \/>Fazemos refer\u00eancia ao facto de Google Analytics ter sido ampliado neste s\u00edtio web com o c\u00f3digo \u201canonymizeIp\u201d, a fim de garantir um registo anonimizado de endere\u00e7os IP (com o nome IP-Masking).<\/p><p><strong>7. Google Ads<\/strong><br \/>Nosso s\u00edtio web usa a ferramenta de publicidade do Google \"Google Ads\" do provedor Google Inc. (Google Inc., 1600 Amphitheatre Parkway, Mountain View, CA 94043, EUA. A entidade respons\u00e1vel \u00e9  Google Ireland Limited, Gordon House, 4 Barrow St, Dublin, D04 E5W5, Irland).<br \/>Quando voc\u00ea visita nosso site, n\u00f3s e o Google podemos reconhecer que voc\u00ea, como usu\u00e1rio, clicou em um de nossos an\u00fancios colocados no Google e foi redirecionado para nosso site.<br \/>Al\u00e9m disso, s\u00e3o transmitidos par\u00e2metros de sucesso como n\u00famero de cliques, dispositivo do usu\u00e1rio, idade e sexo. No entanto, os usu\u00e1rios n\u00e3o podem ser identificados pessoalmente a partir dessas informa\u00e7\u00f5es. Recebemos apenas avalia\u00e7\u00f5es estat\u00edsticas do Google, que usamos para reconhecer os an\u00fancios de maior sucesso ou para identificar grupos de pessoas interessadas. Isso nos permite adaptar nossas medidas de publicidade aos interesses e necessidades de nossos grupos-alvo e oferecer a voc\u00ea ofertas interessantes.<br \/>Para obter detalhes sobre o Google Ads, consulte a pol\u00edtica de privacidade do Google: <a href=\"https:\/\/policies.google.com\/technologies\/ads\">https:\/\/policies.google.com\/technologies\/ads<\/a>.<\/p><p><strong>8. Indica\u00e7\u00e3o sobre liga\u00e7\u00f5es externas<\/strong><br \/>Este s\u00edtio web cont\u00e9m interconex\u00f5es com s\u00edtios web de terceiros (\u201cliga\u00e7\u00f5es externas\u201d). Estes s\u00edtios web est\u00e3o sujeitos \u00e0 responsabilidade dos respetivos operadores. Por ocasi\u00e3o da primeira interconex\u00e3o das liga\u00e7\u00f5es externas, o fornecedor controlou se os conte\u00fados externos est\u00e3o associados a viola\u00e7\u00f5es da lei. Nesta altura n\u00e3o foram constatadas viola\u00e7\u00f5es da lei. O fornecedor n\u00e3o tem qualquer influ\u00eancia sobre a conce\u00e7\u00e3o atual e futura e sobre os conte\u00fados das p\u00e1ginas interconectadas. O estabelecimento de liga\u00e7\u00f5es externas n\u00e3o significa que o fornecedor toma posse dos conte\u00fados relacionados com a refer\u00eancia ou a liga\u00e7\u00e3o. Um controlo permanente das liga\u00e7\u00f5es externas pelo fornecedor n\u00e3o \u00e9 admiss\u00edvel sem ind\u00edcios concretos de viola\u00e7\u00f5es da lei. No entanto, se houver conhecimento de viola\u00e7\u00f5es da lei, as liga\u00e7\u00f5es externas deste tipo s\u00e3o imediatamente apagadas.<\/p><p><strong>9. Proveedor de servicios externo<br \/><\/strong>Este site \u00e9 hospedado por um fornecedor de servi\u00e7os externo. Os dados pessoais coletados neste site s\u00e3o armazenados nos servidores do host. Isso pode incluir, em particular, endere\u00e7os IP, solicita\u00e7\u00f5es de contato, dados meta e de comunica\u00e7\u00e3o, dados contratuais, detalhes de contato, nomes, acessos ao site e outros dados gerados atrav\u00e9s de um site.<br \/>O uso do host \u00e9 feito no interesse de fornecer nossa oferta online de forma segura, r\u00e1pida e eficiente por um fornecedor profissional (Art. 6, par. 1 lit. f GDPR).<br \/>Nosso host processar\u00e1 seus dados apenas na medida necess\u00e1ria para cumprir suas obriga\u00e7\u00f5es de servi\u00e7o e seguir nossas instru\u00e7\u00f5es em rela\u00e7\u00e3o a esses dados.<br \/>Utilizamos united-domains GmbH como host externo.<br \/>Para garantir um processamento em conformidade com a prote\u00e7\u00e3o de dados, um acordo de processamento de dados est\u00e1 em vigor. As informa\u00e7\u00f5es sobre prote\u00e7\u00e3o de dados e o quadro legal da united-domains GmbH podem ser encontradas no seguinte link: <a href=\"https:\/\/www.united-domains.de\/unternehmen\/datenschutz\/\">https:\/\/www.united-domains.de\/unternehmen\/datenschutz\/<\/a><\/p><p><strong>10. Cliplister<br \/><\/strong>Para lhe podermos apresentar os nossos produtos atuais, integramos v\u00eddeos na nossa p\u00e1gina web atrav\u00e9s de interfaces com servi\u00e7os da empresa Cliplister GmbH, Schauenburgerstra\u00dfe 116, 24114 Kiel (\u201cCliplister\u201d).<br \/>Quando visita a nossa p\u00e1gina web, estabelecemos uma liga\u00e7\u00e3o com a Cliplister atrav\u00e9s de interfaces web, a fim de lhe fornecer os conte\u00fados da melhor forma poss\u00edvel. Para isso, o seu endere\u00e7o IP e informa\u00e7\u00f5es espec\u00edficas do dispositivo s\u00e3o transmitidos \u00e0 Cliplister, com o prop\u00f3sito de uma apresenta\u00e7\u00e3o ideal e legalmente segura dos conte\u00fados, e s\u00e3o guardados pela Cliplister de forma encriptada e an\u00f3nima. A Cliplister n\u00e3o processa nem guarda quaisquer outros dados pessoais seus. A base legal \u00e9 o artigo 6, n.\u00ba 1, frase 1 letra f do RGPD.<br \/>Para mais informa\u00e7\u00f5es sobre o processamento de dados pela Cliplister e os seus direitos, por favor consulte a pol\u00edtica de privacidade: <a href=\"https:\/\/www.demoup-cliplister.com\/privacy-policy\">https:\/\/www.demoup-cliplister.com\/privacy-policy<\/a>.<\/p><p><strong>11. Social Media<\/strong><br \/>Criamos presen\u00e7as online dentro das redes sociais para poder comunicar com as partes interessadas e os utilizadores a\u00ed ativos e para os informar sobre n\u00f3s.<\/p><p>Os dados dos utilizadores podem ser processados pelo prestador de servi\u00e7os fora da Uni\u00e3o Europeia. Isto poderia criar riscos para os utilizadores, por exemplo, tornando mais dif\u00edcil a aplica\u00e7\u00e3o dos direitos dos utilizadores.<\/p><p>A p\u00e1gina de m\u00eddias sociais que visita d\u00e1-lhe a oportunidade de responder \u00e0s nossas mensagens, coment\u00e1-las, criar uma mensagem de utilizador e enviar-nos mensagens privadas com preocupa\u00e7\u00f5es pessoais. Os dados fornecidos neste contexto e que nos possam ser acess\u00edveis (por exemplo, nome do utilizador, imagens, interesses, se aplic\u00e1vel, dados de contacto) ser\u00e3o por n\u00f3s utilizados exclusivamente para efeitos de comunica\u00e7\u00e3o de clientes e interesses. \u00c9 do nosso interesse oferecer-lhe uma plataforma na qual possamos exibir informa\u00e7\u00f5es atualizadas e com a ajuda da qual nos possa dirigir as suas preocupa\u00e7\u00f5es e possamos responder ao seu pedido o mais rapidamente poss\u00edvel.<\/p><p>N\u00e3o realizamos qualquer outro processamento de dados para al\u00e9m das fun\u00e7\u00f5es b\u00e1sicas por meio do s\u00edtio web. \u00c9 favor notar que o prestador de servi\u00e7os pode utilizar ferramentas de rastreamento, bem como cookies, independentemente da nossa utiliza\u00e7\u00e3o do s\u00edtio web.<\/p><p>Informamo-lo sobre o processamento dos seus dados pessoais efetuado por n\u00f3s no contexto das presen\u00e7as online por n\u00f3s fornecidas. No seu ac\u00f3rd\u00e3o de 5 de Junho de 2018, o TJCE confirmou a responsabilidade conjunta dos prestadores de servi\u00e7os e do operador do local.<\/p><p>Para uma descri\u00e7\u00e3o detalhada do respetivo processamento e das op\u00e7\u00f5es por exclus\u00e3o (Opt-Out), consulte por favor as informa\u00e7\u00f5es fornecidas pelos nossos fornecedores. Tamb\u00e9m no caso dos pedidos de informa\u00e7\u00e3o e da afirma\u00e7\u00e3o dos direitos dos utilizadores, salientamos que estes podem ser afirmados com maior efic\u00e1cia junto dos fornecedores. Apenas os fornecedores t\u00eam acesso aos dados dos utilizadores em cada caso e podem tomar as medidas adequadas e fornecer informa\u00e7\u00f5es diretamente. Se ainda precisar de ajuda, ent\u00e3o pode contactar-nos.<\/p><p>Operamos as seguintes presen\u00e7as:<\/p><p>\u2022 Facebook (Meta Platforms Ireland Limited, 4 Grand Canal Square, Dublin 2, Irland) \u2013 Declara\u00e7\u00e3o de Privacidade: <a href=\"https:\/\/www.facebook.com\/about\/privacy\/\">https:\/\/www.facebook.com\/about\/privacy\/<\/a>, Opt-Out: <a href=\"https:\/\/www.facebook.com\/settings?tab=ads\">https:\/\/www.facebook.com\/settings?tab=ads<\/a> e <a href=\"http:\/\/www.youronlinechoices.com\">http:\/\/www.youronlinechoices.com<\/a><\/p><p>\u2022 Instagram (Meta Platforms Ireland Limited, 4 Grand Canal Square, Dublin 2, Irland) \u2013 Declara\u00e7\u00e3o de Privacidade: <a href=\"http:\/\/instagram.com\/about\/legal\/privacy\/\">http:\/\/instagram.com\/about\/legal\/privacy\/<\/a><\/p><p>\u2022 LinkedIn (LinkedIn Ireland Unlimited Company Wilton Place, Dublin 2, Irland) \u2013 Declara\u00e7\u00e3o de Privacidade: <a href=\"https:\/\/www.linkedin.com\/legal\/privacy-policy\">https:\/\/www.linkedin.com\/legal\/privacy-policy<\/a>, Opt-Out: <a href=\"https:\/\/www.linkedin.com\/psettings\/guest-controls\/retargeting-opt-out\">https:\/\/www.linkedin.com\/psettings\/guest-controls\/retargeting-opt-out<\/a><\/p><p>\u2022 TikTok (TikTok Technology Limited, 10 Earlsfort Terrace, Dublin, D02 T380, Irland) \u2013 Declara\u00e7\u00e3o de Privacidade: <a href=\"https:\/\/www.tiktok.com\/legal\/page\/eea\/privacy-policy\/pt-PT\">https:\/\/www.tiktok.com\/legal\/page\/eea\/privacy-policy\/pt-PT<\/a><\/p><p><strong>12. Apps e software<\/strong> <br \/>A Laserliner disponibiliza uma s\u00e9rie de aplica\u00e7\u00f5es para descarregar que oferecem aos compradores funcionalidades adicionais.<\/p><p>A utiliza\u00e7\u00e3o destas apps normalmente \u00e9 poss\u00edvel sem o fornecimento de dados pessoais. Se nas nossas aplica\u00e7\u00f5es forem recolhidos dados pessoais (fotografias ou localiza\u00e7\u00e3o), tal sucede sempre voluntariamente. A Laserliner n\u00e3o trata estes dados nem os transmite a terceiros. Pode encontrar mais informa\u00e7\u00f5es sobre o tratamento de dados no s\u00edtio Web da respetiva aplica\u00e7\u00e3o ou nas indica\u00e7\u00f5es sobre privacidade correspondentes.<\/p><p>Todos os dados pessoais s\u00e3o recolhidos, tratados e utilizados em conformidade com a regulamenta\u00e7\u00e3o aplic\u00e1vel em mat\u00e9ria de prote\u00e7\u00e3o de dados pessoais.<\/p><p><strong>13. Fundamento jur\u00eddico para o tratamento<\/strong><br \/>Desde que obtenhamos o consentimento para realizar certas opera\u00e7\u00f5es de tratamento, o fundamento jur\u00eddico \u00e9 o art.\u00ba 6.\u00ba, n.\u00ba 1, al\u00ednea a) do RGPD. Caso o tratamento dos seus dados pessoais seja necess\u00e1rio para a execu\u00e7\u00e3o de um contrato, por exemplo para entrega de mercadorias ou para medidas pr\u00e9-contratuais, como consultar, esse tratamento tem por fundamento jur\u00eddico o art.\u00ba 6.\u00ba, n.\u00ba 1, al\u00ednea b) do RGPD. Se a nossa empresa estiver sujeita a uma obriga\u00e7\u00e3o legal que torne necess\u00e1rio o tratamento de dados pessoais, como para cumprimento de obriga\u00e7\u00f5es fiscais, o tratamento tem por fundamento jur\u00eddico o art.\u00ba 6.\u00ba, n.\u00ba 1, al\u00ednea c) do RGPD. Se o tratamento de dados pessoais n\u00e3o assentar em nenhum dos fundamentos jur\u00eddicos anteriormente mencionados, trataremos os dados por forma a protegermos um interesse leg\u00edtimo da nossa empresa (melhorar a execu\u00e7\u00e3o das atividades comerciais) Conforme Art. 6 I lit. f RGPD.  Certificar-nos-emos sempre de que nenhum interesse leg\u00edtimo do titular que prevale\u00e7a sobre o nosso interesse leg\u00edtimo \u00e9 prejudicado.<\/p><p><strong>14. Prazo de conserva\u00e7\u00e3o dos<\/strong> <strong>dados pessoais<\/strong><br \/>O crit\u00e9rio para a dura\u00e7\u00e3o do armazenamento de dados pessoais \u00e9 o respetivo per\u00edodo de reten\u00e7\u00e3o legal. Ap\u00f3s o termo deste per\u00edodo, os dados correspondentes ser\u00e3o apagados rotineiramente, desde que j\u00e1 n\u00e3o sejam necess\u00e1rios para o cumprimento ou in\u00edcio do contrato.<\/p><p>Os seus dados, que s\u00e3o armazenados no decurso da utiliza\u00e7\u00e3o das nossas presen\u00e7as online, s\u00e3o apagados - na medida do poss\u00edvel - quando o funcionamento do s\u00edtio web \u00e9 interrompido.<\/p><p><strong>15. Direitos do titular<\/strong><br \/>A todo o momento, conforme o Art. 15 RGPD, o titular tem o direito de ser informado sobre os dados armazenados por n\u00f3s e qual a finalidade. O seu consentimento para armazenamento ou utiliza\u00e7\u00e3o dos seus dados pessoais pode ser revogado por escrito a qualquer momento. Al\u00e9m disso, tem o direito de se opor ao processamento com base no interesse leg\u00edtimo, Art. 21 RGPD. Al\u00e9m do direito a revoga\u00e7\u00e3o, tamb\u00e9m lhe assiste o direito a exigir a retifica\u00e7\u00e3o (Art. 16 RGPD), a limita\u00e7\u00e3o do processamento (Art. 18 RGPD) e o bloqueio ou apagamento dos seus dados (Art. 17 RGPD).<\/p><p>Assiste-lhe o direito de apresentar, conforme Art. 77 RGPD, uma reclama\u00e7\u00e3o junto das respetivas autoridades (para a Ren\u00e2nia do Norte-Vestef\u00e1lia: contacte para o encarregado desse Estado federal pela prote\u00e7\u00e3o de dados e liberdade de informa\u00e7\u00e3o da Ren\u00e2nia do Norte-Vestef\u00e1lia, em Dusseld\u00f3rfia). Tem tamb\u00e9m o direito de receber os dados que submeteu num formato leg\u00edvel por m\u00e1quina para transmiss\u00e3o.<\/p><p>Se tiver alguma quest\u00e3o relativa ao processamento dos seus dados pessoais, pode tamb\u00e9m contactar-nos diretamente (parte respons\u00e1vel: ver impress\u00e3o). Para todas as quest\u00f5es e pedidos de informa\u00e7\u00e3o, candidaturas ou reclama\u00e7\u00f5es, pode tamb\u00e9m contactar diretamente os nossos agentes externos de prote\u00e7\u00e3o de dados.<\/p><p><strong>16. Seguran\u00e7a<\/strong><br \/>Empregamos medidas de seguran\u00e7a t\u00e9cnicas e organizacionais para proteger os seus dados pessoais que nos forneceu contra manipula\u00e7\u00e3o acidental ou deliberada, perda, destrui\u00e7\u00e3o ou acesso por pessoas n\u00e3o autorizadas. As nossas medidas de seguran\u00e7a s\u00e3o continuamente melhoradas e adaptadas, de acordo com o avan\u00e7o da t\u00e9cnica.<\/p>\t\t\t\t\t\t\t\t<\/div>\n\t\t\t\t<\/div>\n\t\t\t\t\t<\/div>\n\t\t<\/div>\n\t\t\t\t\t<\/div>\n\t\t<\/section>\n\t\t\t\t\t<\/div>\n\t\t<\/div>\n\t\t\t\t\t<\/div>\n\t\t<\/section>\n\t\t\t\t<\/div>","protected":false},"excerpt":{"rendered":"<p>DATENSCHUTZERKL\u00c4RUNG Der Schutz Ihrer pers\u00f6nlichen Daten liegt uns sehr am Herzen. Wir informieren Sie hiermit \u00fcber die Art und den Umfang der personenbezogenen Daten, die wir bei Ihrem Besuch unserer Internetseiten und unserer Social Media-Pr\u00e4senzen erheben. Die nachfolgende Datenschutzerkl\u00e4rung gilt dabei f\u00fcr diese Internetseite sowie f\u00fcr die Facebook-, Instagram- und LinkedIn-Seite von Laserliner. Die UMAREX [&hellip;]<\/p>\n","protected":false},"author":3,"featured_media":0,"parent":0,"menu_order":0,"comment_status":"closed","ping_status":"closed","template":"","meta":{"ocean_post_layout":"full-screen","ocean_both_sidebars_style":"","ocean_both_sidebars_content_width":0,"ocean_both_sidebars_sidebars_width":0,"ocean_sidebar":"0","ocean_second_sidebar":"0","ocean_disable_margins":"enable","ocean_add_body_class":"","ocean_shortcode_before_top_bar":"","ocean_shortcode_after_top_bar":"","ocean_shortcode_before_header":"","ocean_shortcode_after_header":"","ocean_has_shortcode":"","ocean_shortcode_after_title":"","ocean_shortcode_before_footer_widgets":"","ocean_shortcode_after_footer_widgets":"","ocean_shortcode_before_footer_bottom":"","ocean_shortcode_after_footer_bottom":"","ocean_display_top_bar":"default","ocean_display_header":"default","ocean_header_style":"","ocean_center_header_left_menu":"0","ocean_custom_header_template":"0","ocean_custom_logo":0,"ocean_custom_retina_logo":0,"ocean_custom_logo_max_width":0,"ocean_custom_logo_tablet_max_width":0,"ocean_custom_logo_mobile_max_width":0,"ocean_custom_logo_max_height":0,"ocean_custom_logo_tablet_max_height":0,"ocean_custom_logo_mobile_max_height":0,"ocean_header_custom_menu":"3","ocean_menu_typo_font_family":"0","ocean_menu_typo_font_subset":"","ocean_menu_typo_font_size":0,"ocean_menu_typo_font_size_tablet":0,"ocean_menu_typo_font_size_mobile":0,"ocean_menu_typo_font_size_unit":"px","ocean_menu_typo_font_weight":"","ocean_menu_typo_font_weight_tablet":"","ocean_menu_typo_font_weight_mobile":"","ocean_menu_typo_transform":"","ocean_menu_typo_transform_tablet":"","ocean_menu_typo_transform_mobile":"","ocean_menu_typo_line_height":0,"ocean_menu_typo_line_height_tablet":0,"ocean_menu_typo_line_height_mobile":0,"ocean_menu_typo_line_height_unit":"","ocean_menu_typo_spacing":0,"ocean_menu_typo_spacing_tablet":0,"ocean_menu_typo_spacing_mobile":0,"ocean_menu_typo_spacing_unit":"","ocean_menu_link_color":"","ocean_menu_link_color_hover":"","ocean_menu_link_color_active":"","ocean_menu_link_background":"","ocean_menu_link_hover_background":"","ocean_menu_link_active_background":"","ocean_menu_social_links_bg":"","ocean_menu_social_hover_links_bg":"","ocean_menu_social_links_color":"","ocean_menu_social_hover_links_color":"","ocean_disable_title":"on","ocean_disable_heading":"default","ocean_post_title":"","ocean_post_subheading":"","ocean_post_title_style":"","ocean_post_title_background_color":"","ocean_post_title_background":0,"ocean_post_title_bg_image_position":"","ocean_post_title_bg_image_attachment":"","ocean_post_title_bg_image_repeat":"","ocean_post_title_bg_image_size":"","ocean_post_title_height":0,"ocean_post_title_bg_overlay":0.5,"ocean_post_title_bg_overlay_color":"","ocean_disable_breadcrumbs":"default","ocean_breadcrumbs_color":"","ocean_breadcrumbs_separator_color":"","ocean_breadcrumbs_links_color":"","ocean_breadcrumbs_links_hover_color":"","ocean_display_footer_widgets":"default","ocean_display_footer_bottom":"default","ocean_custom_footer_template":"0","footnotes":""},"class_list":["post-997","page","type-page","status-publish","hentry","entry"],"yoast_head":"<!-- This site is optimized with the Yoast SEO plugin v27.4 - https:\/\/yoast.com\/product\/yoast-seo-wordpress\/ -->\n<title>Datenschutz &#183; Health &amp; Home<\/title>\n<meta name=\"robots\" content=\"index, follow, max-snippet:-1, max-image-preview:large, max-video-preview:-1\" \/>\n<link rel=\"canonical\" href=\"https:\/\/health-and-home.info\/pt\/datenschutz\/\" \/>\n<meta property=\"og:locale\" content=\"pt_PT\" \/>\n<meta property=\"og:type\" content=\"article\" \/>\n<meta property=\"og:title\" content=\"Datenschutz &#183; Health &amp; Home\" \/>\n<meta property=\"og:description\" content=\"DATENSCHUTZERKL\u00c4RUNG Der Schutz Ihrer pers\u00f6nlichen Daten liegt uns sehr am Herzen. Wir informieren Sie hiermit \u00fcber die Art und den Umfang der personenbezogenen Daten, die wir bei Ihrem Besuch unserer Internetseiten und unserer Social Media-Pr\u00e4senzen erheben. Die nachfolgende Datenschutzerkl\u00e4rung gilt dabei f\u00fcr diese Internetseite sowie f\u00fcr die Facebook-, Instagram- und LinkedIn-Seite von Laserliner. Die UMAREX [&hellip;]\" \/>\n<meta property=\"og:url\" content=\"https:\/\/health-and-home.info\/pt\/datenschutz\/\" \/>\n<meta property=\"og:site_name\" content=\"Health &amp; Home\" \/>\n<meta property=\"article:publisher\" content=\"https:\/\/www.facebook.com\/LaserlinerOfficial\" \/>\n<meta property=\"article:modified_time\" content=\"2024-08-30T07:38:51+00:00\" \/>\n<meta name=\"twitter:card\" content=\"summary_large_image\" \/>\n<meta name=\"twitter:label1\" content=\"Tempo estimado de leitura\" \/>\n\t<meta name=\"twitter:data1\" content=\"14 minutos\" \/>\n<script type=\"application\/ld+json\" class=\"yoast-schema-graph\">{\"@context\":\"https:\\\/\\\/schema.org\",\"@graph\":[{\"@type\":\"WebPage\",\"@id\":\"https:\\\/\\\/health-and-home.info\\\/datenschutz\\\/\",\"url\":\"https:\\\/\\\/health-and-home.info\\\/datenschutz\\\/\",\"name\":\"Datenschutz &#183; Health &amp; Home\",\"isPartOf\":{\"@id\":\"https:\\\/\\\/health-and-home.info\\\/#website\"},\"datePublished\":\"2021-03-02T08:35:31+00:00\",\"dateModified\":\"2024-08-30T07:38:51+00:00\",\"breadcrumb\":{\"@id\":\"https:\\\/\\\/health-and-home.info\\\/datenschutz\\\/#breadcrumb\"},\"inLanguage\":\"pt-PT\",\"potentialAction\":[{\"@type\":\"ReadAction\",\"target\":[\"https:\\\/\\\/health-and-home.info\\\/datenschutz\\\/\"]}]},{\"@type\":\"BreadcrumbList\",\"@id\":\"https:\\\/\\\/health-and-home.info\\\/datenschutz\\\/#breadcrumb\",\"itemListElement\":[{\"@type\":\"ListItem\",\"position\":1,\"name\":\"Startseite\",\"item\":\"https:\\\/\\\/health-and-home.info\\\/\"},{\"@type\":\"ListItem\",\"position\":2,\"name\":\"Datenschutz\"}]},{\"@type\":\"WebSite\",\"@id\":\"https:\\\/\\\/health-and-home.info\\\/#website\",\"url\":\"https:\\\/\\\/health-and-home.info\\\/\",\"name\":\"Laserliner Health & Home\",\"description\":\"\",\"publisher\":{\"@id\":\"https:\\\/\\\/health-and-home.info\\\/#organization\"},\"potentialAction\":[{\"@type\":\"SearchAction\",\"target\":{\"@type\":\"EntryPoint\",\"urlTemplate\":\"https:\\\/\\\/health-and-home.info\\\/?s={search_term_string}\"},\"query-input\":{\"@type\":\"PropertyValueSpecification\",\"valueRequired\":true,\"valueName\":\"search_term_string\"}}],\"inLanguage\":\"pt-PT\"},{\"@type\":\"Organization\",\"@id\":\"https:\\\/\\\/health-and-home.info\\\/#organization\",\"name\":\"UMAREX GmbH & Co. KG \u00b7 Bereich Laserliner\",\"url\":\"https:\\\/\\\/health-and-home.info\\\/\",\"logo\":{\"@type\":\"ImageObject\",\"inLanguage\":\"pt-PT\",\"@id\":\"https:\\\/\\\/health-and-home.info\\\/#\\\/schema\\\/logo\\\/image\\\/\",\"url\":\"\",\"contentUrl\":\"\",\"caption\":\"UMAREX GmbH & Co. KG \u00b7 Bereich Laserliner\"},\"image\":{\"@id\":\"https:\\\/\\\/health-and-home.info\\\/#\\\/schema\\\/logo\\\/image\\\/\"},\"sameAs\":[\"https:\\\/\\\/www.facebook.com\\\/LaserlinerOfficial\",\"https:\\\/\\\/www.instagram.com\\\/laserlinerofficial\\\/\"]}]}<\/script>\n<!-- \/ Yoast SEO plugin. -->","yoast_head_json":{"title":"Datenschutz &#183; Health &amp; Home","robots":{"index":"index","follow":"follow","max-snippet":"max-snippet:-1","max-image-preview":"max-image-preview:large","max-video-preview":"max-video-preview:-1"},"canonical":"https:\/\/health-and-home.info\/pt\/datenschutz\/","og_locale":"pt_PT","og_type":"article","og_title":"Datenschutz &#183; Health &amp; Home","og_description":"DATENSCHUTZERKL\u00c4RUNG Der Schutz Ihrer pers\u00f6nlichen Daten liegt uns sehr am Herzen. Wir informieren Sie hiermit \u00fcber die Art und den Umfang der personenbezogenen Daten, die wir bei Ihrem Besuch unserer Internetseiten und unserer Social Media-Pr\u00e4senzen erheben. Die nachfolgende Datenschutzerkl\u00e4rung gilt dabei f\u00fcr diese Internetseite sowie f\u00fcr die Facebook-, Instagram- und LinkedIn-Seite von Laserliner. Die UMAREX [&hellip;]","og_url":"https:\/\/health-and-home.info\/pt\/datenschutz\/","og_site_name":"Health &amp; Home","article_publisher":"https:\/\/www.facebook.com\/LaserlinerOfficial","article_modified_time":"2024-08-30T07:38:51+00:00","twitter_card":"summary_large_image","twitter_misc":{"Tempo estimado de leitura":"14 minutos"},"schema":{"@context":"https:\/\/schema.org","@graph":[{"@type":"WebPage","@id":"https:\/\/health-and-home.info\/datenschutz\/","url":"https:\/\/health-and-home.info\/datenschutz\/","name":"Datenschutz &#183; Health &amp; Home","isPartOf":{"@id":"https:\/\/health-and-home.info\/#website"},"datePublished":"2021-03-02T08:35:31+00:00","dateModified":"2024-08-30T07:38:51+00:00","breadcrumb":{"@id":"https:\/\/health-and-home.info\/datenschutz\/#breadcrumb"},"inLanguage":"pt-PT","potentialAction":[{"@type":"ReadAction","target":["https:\/\/health-and-home.info\/datenschutz\/"]}]},{"@type":"BreadcrumbList","@id":"https:\/\/health-and-home.info\/datenschutz\/#breadcrumb","itemListElement":[{"@type":"ListItem","position":1,"name":"Startseite","item":"https:\/\/health-and-home.info\/"},{"@type":"ListItem","position":2,"name":"Datenschutz"}]},{"@type":"WebSite","@id":"https:\/\/health-and-home.info\/#website","url":"https:\/\/health-and-home.info\/","name":"Laserliner Health & Home","description":"","publisher":{"@id":"https:\/\/health-and-home.info\/#organization"},"potentialAction":[{"@type":"SearchAction","target":{"@type":"EntryPoint","urlTemplate":"https:\/\/health-and-home.info\/?s={search_term_string}"},"query-input":{"@type":"PropertyValueSpecification","valueRequired":true,"valueName":"search_term_string"}}],"inLanguage":"pt-PT"},{"@type":"Organization","@id":"https:\/\/health-and-home.info\/#organization","name":"UMAREX GmbH & Co. KG \u00b7 Bereich Laserliner","url":"https:\/\/health-and-home.info\/","logo":{"@type":"ImageObject","inLanguage":"pt-PT","@id":"https:\/\/health-and-home.info\/#\/schema\/logo\/image\/","url":"","contentUrl":"","caption":"UMAREX GmbH & Co. KG \u00b7 Bereich Laserliner"},"image":{"@id":"https:\/\/health-and-home.info\/#\/schema\/logo\/image\/"},"sameAs":["https:\/\/www.facebook.com\/LaserlinerOfficial","https:\/\/www.instagram.com\/laserlinerofficial\/"]}]}},"_links":{"self":[{"href":"https:\/\/health-and-home.info\/pt\/wp-json\/wp\/v2\/pages\/997","targetHints":{"allow":["GET"]}}],"collection":[{"href":"https:\/\/health-and-home.info\/pt\/wp-json\/wp\/v2\/pages"}],"about":[{"href":"https:\/\/health-and-home.info\/pt\/wp-json\/wp\/v2\/types\/page"}],"author":[{"embeddable":true,"href":"https:\/\/health-and-home.info\/pt\/wp-json\/wp\/v2\/users\/3"}],"replies":[{"embeddable":true,"href":"https:\/\/health-and-home.info\/pt\/wp-json\/wp\/v2\/comments?post=997"}],"version-history":[{"count":45,"href":"https:\/\/health-and-home.info\/pt\/wp-json\/wp\/v2\/pages\/997\/revisions"}],"predecessor-version":[{"id":3812,"href":"https:\/\/health-and-home.info\/pt\/wp-json\/wp\/v2\/pages\/997\/revisions\/3812"}],"wp:attachment":[{"href":"https:\/\/health-and-home.info\/pt\/wp-json\/wp\/v2\/media?parent=997"}],"curies":[{"name":"wp","href":"https:\/\/api.w.org\/{rel}","templated":true}]}}